{"id":864,"date":"2017-12-21T17:48:23","date_gmt":"2017-12-21T16:48:23","guid":{"rendered":"https:\/\/www.laure.archi.fr\/?page_id=864"},"modified":"2019-09-04T11:18:04","modified_gmt":"2019-09-04T09:18:04","slug":"nolwenn-le-goff","status":"publish","type":"page","link":"https:\/\/www.laure.archi.fr\/?page_id=864","title":{"rendered":"Nolwenn Le Goff"},"content":{"rendered":"<p><img loading=\"lazy\" class=\"size-full wp-image-867 alignleft\" src=\"https:\/\/www.laure.archi.fr\/wp-content\/uploads\/2017\/12\/NLG.jpg\" alt=\"\" width=\"129\" height=\"162\" \/>nolwenn.le-goff@lyon.archi.fr<br \/>\nTel : 04 37 57 17 17<br \/>\nDoctorante en architecture \/ Dipl\u00f4me National d\u2019Arts Plastiques \/ Dipl\u00f4me d\u2019architecte DPLG \/ Contractuelle \/ Membre Laboratoire EVS-Laure, ENSAL \/ Membre associ\u00e9 du Laboratoire MHAevt, ENSAG<\/p>\n<p><strong>Axes de recherche:<\/strong><br \/>\n\u00ab \u00c9laboration, p\u00e9rennit\u00e9 et adaptations : temporalit\u00e9s des \u00e9difices publics ordinaires, les b\u00e2timents communaux villeurbannais au XXe si\u00e8cle. \u00bb<br \/>\nMes travaux s\u2019inscrivent dans le questionnement du laboratoire sur le processus de fabrication de la ville et les formes urbaines qui en r\u00e9sultent, dans une perspective dynamique int\u00e9grant les diff\u00e9rents acteurs en jeu. Ils portent sur l\u2019\u00e9volution des \u00e9difices publics ordinaires au XXe si\u00e8cle, leurs conditions d\u2019\u00e9mergence, de p\u00e9rennisation et d\u2019adaptation ; ainsi que les temporalit\u00e9s complexes dans lesquelles ils s\u2019inscrivent.<br \/>\nIl s\u2019agit de se donner les moyens de penser la transformation progressive des parcs d\u2019\u00e9difices publics, au gr\u00e9 de l\u2019\u00e9volution des besoins sociaux des territoires, des contraintes et enjeux propres \u00e0 diff\u00e9rentes p\u00e9riodes du XXe si\u00e8cle. En effet, dans notre contexte contemporain de mutations rapides, l\u2019adaptation du b\u00e2ti existant du si\u00e8cle dernier devient centrale dans la r\u00e9flexion collective des acteurs du b\u00e2timent, de la ville et des finances publiques.<br \/>\nMa th\u00e8se se propose d&rsquo;analyser cette dynamique spatiale et temporelle autour du cas d\u2019un parc de 165 \u00e9tablissements recevant du public g\u00e9r\u00e9s par la Ville de Villeurbanne, sur une centaine d\u2019ann\u00e9es. Construite au fil du XXe si\u00e8cle, cette s\u00e9rie d\u2019\u00e9difices pr\u00e9sente des caract\u00e9ristiques architecturales tr\u00e8s vari\u00e9es, sur les plans fonctionnel, morphologique, technique, visuel, et constitue, \u00e0 ce titre, un \u00e9chantillon repr\u00e9sentatif. Le projet de th\u00e8se interroge donc les capacit\u00e9s d\u2019adaptation et les conditions d\u2019\u00e9volutivit\u00e9 de ces \u00e9difices.<\/p>\n","protected":false},"excerpt":{"rendered":"<p>nolwenn.le-goff@lyon.archi.fr Tel : 04 37 57 17 17 Doctorante en architecture \/ Dipl\u00f4me National d\u2019Arts Plastiques \/ Dipl\u00f4me d\u2019architecte DPLG \/ Contractuelle \/ Membre Laboratoire EVS-Laure, ENSAL \/ Membre associ\u00e9 du Laboratoire MHAevt, ENSAG Axes de recherche: \u00ab \u00c9laboration, p\u00e9rennit\u00e9 et adaptations : temporalit\u00e9s des \u00e9difices publics ordinaires, les b\u00e2timents communaux villeurbannais au XXe si\u00e8cle. &hellip; <a href=\"https:\/\/www.laure.archi.fr\/?page_id=864\" class=\"more-link\">Continuer la lecture de <span class=\"screen-reader-text\">Nolwenn Le Goff<\/span> <span class=\"meta-nav\">&rarr;<\/span><\/a><\/p>\n","protected":false},"author":1,"featured_media":0,"parent":19,"menu_order":0,"comment_status":"closed","ping_status":"closed","template":"","meta":[],"_links":{"self":[{"href":"https:\/\/www.laure.archi.fr\/index.php?rest_route=\/wp\/v2\/pages\/864"}],"collection":[{"href":"https:\/\/www.laure.archi.fr\/index.php?rest_route=\/wp\/v2\/pages"}],"about":[{"href":"https:\/\/www.laure.archi.fr\/index.php?rest_route=\/wp\/v2\/types\/page"}],"author":[{"embeddable":true,"href":"https:\/\/www.laure.archi.fr\/index.php?rest_route=\/wp\/v2\/users\/1"}],"replies":[{"embeddable":true,"href":"https:\/\/www.laure.archi.fr\/index.php?rest_route=%2Fwp%2Fv2%2Fcomments&post=864"}],"version-history":[{"count":3,"href":"https:\/\/www.laure.archi.fr\/index.php?rest_route=\/wp\/v2\/pages\/864\/revisions"}],"predecessor-version":[{"id":869,"href":"https:\/\/www.laure.archi.fr\/index.php?rest_route=\/wp\/v2\/pages\/864\/revisions\/869"}],"up":[{"embeddable":true,"href":"https:\/\/www.laure.archi.fr\/index.php?rest_route=\/wp\/v2\/pages\/19"}],"wp:attachment":[{"href":"https:\/\/www.laure.archi.fr\/index.php?rest_route=%2Fwp%2Fv2%2Fmedia&parent=864"}],"curies":[{"name":"wp","href":"https:\/\/api.w.org\/{rel}","templated":true}]}}