{"id":307,"date":"2016-06-13T14:21:23","date_gmt":"2016-06-13T12:21:23","guid":{"rendered":"http:\/\/laureensal.hypotheses.org\/?page_id=307"},"modified":"2016-06-13T14:21:23","modified_gmt":"2016-06-13T12:21:23","slug":"1-articles","status":"publish","type":"page","link":"https:\/\/www.laure.archi.fr\/?page_id=307","title":{"rendered":"1. Articles"},"content":{"rendered":"<p><strong>ACL : Articles dans des revues internationales ou nationales avec comit\u00e9 de lecture, et r\u00e9pertori\u00e9es<\/strong><\/p>\n<p style=\"text-align: justify\"><strong>Couturier, Bastien<\/strong>\u00a0; \u00ab\u00a0Synth\u00e8se des radiations de protections \u2013 Analyse des crit\u00e8res propres \u00e0 construire la valeur patrimoniale par l\u2019\u00e9tude des actes de radiation de protections\u00a0\u00bb, dans <em>Juristourisme<\/em> n\u00b0154, Loi 1913 : un monument juridique, juin 2013, p. 23-24, 50 p., ISSN 2108-0968.<\/p>\n<p style=\"text-align: justify\"><strong>Veschambre, Vincent<\/strong>\u00a0; \u00ab Production et effacement des lieux de m\u00e9moires dans une commune-centre anciennement industrielle : le cas de Villeurbanne (France) \u00bb, Articulo \u2013 <em>Journal of Urban Research<\/em> [Online], Special issue 5 | 2014, Online since 10 July 2014, URL : http:\/\/articulo.revues.org\/2451 ; DOI : 10.4000\/articulo.2451, 2014<\/p>\n<p style=\"text-align: justify\"><strong>Veschambre, Vincent<\/strong>\u00a0; \u00ab Inventions patrimoniales et enjeux sociaux \u00bb, <em>Perspective : actualit\u00e9 en histoire de l\u2019art<\/em>, n\u00b01, p. 191-198, 2015<\/p>\n<p style=\"text-align: justify\"><strong>Veschambre, Vincent\u00a0<\/strong>; \u00ab\u00a0Sur les traces de la fabrique artistique : quelques r\u00e9flexions sur la dimension spatiale et mat\u00e9rielle de l\u2019histoire de l\u2019art\u00a0\u00bb, <em>Artl@s Bulletin<\/em>, <a href=\"http:\/\/docs.lib.purdue.edu\/cgi\/preview.cgi?article=1076&amp;amp;context=artlas\"><u><span style=\"color: #0066cc\">http:\/\/docs.lib.purdue.edu\/cgi\/preview.cgi?article=1076&amp;amp;context=artlas<\/span><\/u><\/a> , 7 p., janvier 2016<\/p>\n<p style=\"text-align: justify\"><strong>ACLN : Articles dans des revues avec comit\u00e9 de lecture non r\u00e9pertori\u00e9es dans des bases de donn\u00e9es internationales.<\/strong><\/p>\n<p style=\"text-align: justify\"><strong>Couturier Bastien<\/strong>, \u00ab\u00a0Le titre de monument historique prot\u00e8ge-t-il de la disparition\u00a0?\u00a0\u00bb,\u00a0 dans <em>Cahiers th\u00e9matiques n\u00b016<\/em> \u2013 <em>L\u2019architecture et la disparition<\/em>, \u00e9d. la Maison des Sciences de l\u2019Homme,\u00a0mars 2017, p.43-50.<\/p>\n<p style=\"text-align: justify\"><strong>Veschambre Vincent<\/strong>, \u00ab\u00a0En quels termes fait-on dispara\u00eetre le logement social des Trente Glorieuses? Le champ lexical de la r\u00e9novation urbaine des ann\u00e9es 2000.\u00a0\u00bb,\u00a0 dans <em>Cahiers th\u00e9matiques n\u00b016<\/em> \u2013 <em>L\u2019architecture et la disparition<\/em>, \u00e9d. la Maison des Sciences de l\u2019Homme,\u00a0mars 2017, p.199-208.<\/p>\n<p style=\"text-align: justify\"><strong>Fiori, Sandra\u00a0; Brossaud, Claire<\/strong>\u00a0; \u201cLes communs urbains : perspectives pour la recherche architecturale et urbaine\u201d, revue <em>Lieux Communs<\/em>, n\u00b018 (article accept\u00e9) 2016, \u00e0 para\u00eetre<\/p>\n<p style=\"text-align: justify\"><strong>Fiori, Sandra\u00a0;<\/strong> <strong>Thomas, Rachel<\/strong>\u00a0; \u201cL\u2019immersion par corps des chercheurs. Exp\u00e9rimentations m\u00e9thodologiques \u00e0 Salvador da Bahia et Caracas\u201d, revue <em>Corps<\/em> (article accept\u00e9) 2016, \u00e0 para\u00eetre<\/p>\n<p style=\"text-align: justify\"><strong>Gras, Pierre<\/strong>\u00a0; \u201cNew York, Citt\u00e0 e Porto: quale futuro ?\u201d, revue <em>Trasporti &amp; Cultura<\/em> n\u00b041, ann\u00e9e XV, janvier-avril 2015 (revue italienne \u00e0 diffusion internationale et avec conseil scientifique)<\/p>\n<p style=\"text-align: justify\"><strong>Gras, Pierre<\/strong>\u00a0; \u00ab\u00a0R\u00e9seau portuaire : le Maroc frappe \u00e0 la porte des grands\u00a0\u00bb, revue en ligne <em>Portus<\/em> n\u00b028, ann\u00e9e XIV, novembre 2014 (revue d\u2019origine italienne \u00e0 diffusion internationale et avec conseil scientifique)<\/p>\n<p style=\"text-align: justify\"><strong>Gras, Pierre<\/strong>\u00a0; \u00ab\u00a0La recomposition du waterfront new-yorkais, entre patrimoine, gentrification et mobilisation sociale\u00a0\u00bb, revue en ligne <em>Urbanit\u00e9s<\/em> n\u00b04 (dossier \u201cRepenser la ville portuaire\u201d), novembre 2014<\/p>\n<p style=\"text-align: justify\"><strong>Gras, Pierre<\/strong>\u00a0; \u00ab\u00a0Megacity of Lima struggles for future water supply\u00a0\u00bb, revue en ligne <em>Portus<\/em> n\u00b029, ann\u00e9e XV, juin 2015<\/p>\n<p style=\"text-align: justify\"><strong>Monnot, Suzanne<\/strong> ; \u201cIssues of Conservation and evaluation of earth constructions of Armenia\u201d in <em>Scientific papers of National University of architecture &amp; construction of Armenia<\/em>, Er\u00e9van, Arm\u00e9nie, 2014<\/p>\n<p style=\"text-align: justify\"><strong>Perrier, Olivier<\/strong>\u00a0; \u00ab Diagrammatik der Architektur, Dietrich Boschung &amp; Julian Jachmann (dir.) \u00bb, dans <em>Regards crois\u00e9s<\/em>, revue franco-allemande de recensions d\u2019histoire de l\u2019art et esth\u00e9tique, 2015<\/p>\n<p style=\"text-align: justify\"><strong>Veschambre, Vincent<\/strong>\u00a0; \u00ab L\u2019architecture contemporaine dans la bande dessin\u00e9e : l\u2019exemple de Lyon \u00bb, dossier \u00ab Repr\u00e9sentations de l\u2019architecture contemporaine \u00bb, <em>Cahiers th\u00e9matiques, n\u00b012, Ecole nationale sup\u00e9rieure d\u2019architecture et de paysage de Lille<\/em>, Editions de la Maison des sciences de l\u2019homme, p. 203-214, 2013<\/p>\n<p style=\"text-align: justify\"><strong>Veschambre, Vincent<\/strong>\u00a0; \u00ab La chemin\u00e9e d\u2019usine, entre \u00ab totem et tabou \u00bb : effacement versus appropriation d\u2019un symbole du pass\u00e9 industriel \u00bb, <em>L\u2019Homme et la soci\u00e9t\u00e9<\/em>, n\u00b0192, 2014\/2, p. 49-68, 2014<\/p>\n<p style=\"text-align: justify\"><strong>Veschambre, Vincent<\/strong>\u00a0; \u00ab H\u00e9ritage des grands ensembles (1953-1973) et protection juridique : le HLM peut-il devenir MH ? \u00bb, <em>Juris art etc<\/em>, juin, p. 40-43, 2014<\/p>\n<p style=\"text-align: justify\"><strong>Detry, N.\u00a0; Veschambre, V.\u00a0;<\/strong> \u00ab\u00a0De l\u2019urbicide \u00e0 la r\u00e9paration : le cas de la Biblioth\u00e8que de Sarajevo\u00a0\u00bb, dossier \u00ab Villes et ch\u00e2timents \u00bb, <em>Urbanit\u00e9s<\/em>, n\u00b05, <a href=\"http:\/\/www.revue-urbanites.fr\/5-villes-et-chatiments\"><u><span style=\"color: #0066cc\">http:\/\/www.revue-urbanites.fr\/5-villes-et-chatiments<\/span><\/u><\/a>, 2015<\/p>\n<p style=\"text-align: justify\"><strong>ASCL : Articles dans des revues sans comit\u00e9 de lecture.<\/strong><\/p>\n<p style=\"text-align: justify\"><strong>Chilingarian, Nune<\/strong>\u00a0; \u00ab\u00a0Lyon-la Duch\u00e8re, histoire d\u2019une modernit\u00e9 \u00e0 s\u2019approprier<em>\u00a0\u00bb, <\/em>Revue <em>Urbanisme<\/em>, N388, Printemps 2013, pages 44-46<\/p>\n<p style=\"text-align: justify\"><strong>Gras, Pierre<\/strong>\u00a0; \u00ab\u00a0Hambourg, une cit\u00e9-\u00c9tat portuaire mod\u00e8le ?\u00a0\u00bb, revue <em>Urbanisme<\/em> n\u00b0390, automne 2013<\/p>\n<p style=\"text-align: justify\"><strong>Gras, Pierre<\/strong>\u00a0; \u00ab\u00a0B\u00e2le 2020 : le mod\u00e8le IBA s\u2019exporte en Suisse\u00a0\u00bb, revue <em>Urbanisme<\/em> n\u00b0392, printemps 2014<\/p>\n<p style=\"text-align: justify\"><strong>Gras, Pierre<\/strong>\u00a0; \u00ab\u00a0Les villes et leurs cours d\u2019eau : un roman-fleuve\u00a0\u00bb, revue <em>Place Publique<\/em> n\u00b049, janvier-f\u00e9vrier 2015<\/p>\n<p style=\"text-align: justify\"><strong>Gras, Pierre<\/strong>\u00a0; \u00ab\u00a0M\u00e9tropole Aix-Marseille : retour vers le futur\u00a0\u00bb, revue <em>Diagonal<\/em> n\u00b0 188, juin 2013<\/p>\n<p style=\"text-align: justify\"><strong>Gras, Pierre<\/strong>\u00a0; \u00ab\u00a0De la Sa\u00f4ne au Rhin, le grand gabarit cherche sa voie\u00a0\u00bb, revue <em>Diagonal<\/em> n\u00b0 189, octobre 2013<\/p>\n<p style=\"text-align: justify\"><strong>Gras, Pierre<\/strong>\u00a0; \u00ab\u00a0B\u00e2le 2020 : un mod\u00e8le et trois fronti\u00e8res\u00a0\u00bb, revue <em>Diagonal<\/em> n\u00b0 192, novembre 2014<\/p>\n<p style=\"text-align: justify\"><strong>Gras, Pierre<\/strong>\u00a0; \u00ab\u00a0Mons (Belgique) \u00e0 la recherche d\u2019un nouveau mod\u00e8le urbain\u00a0\u00bb, revue <em>Diagonal<\/em> n\u00b0 193, dat\u00e9e mars 2015<\/p>\n<p style=\"text-align: justify\"><strong>Gras, Pierre<\/strong>\u00a0; \u00ab\u00a0Ruralit\u00e9s : des territoires en qu\u00eate d\u2019atouts\u00a0\u00bb, revue <em>Diagonal<\/em> n\u00b0 194, juillet 2015<\/p>\n<p style=\"text-align: justify\"><strong>Gras, Pierre<\/strong>\u00a0; \u00ab\u00a0Patrimoine industriel : un h\u00e9ritage confront\u00e9 aux d\u00e9fis du futur\u00a0\u00bb, revue <em>Diagonal<\/em> n\u00b0 195, dat\u00e9e nov. 2015<\/p>\n<p style=\"text-align: justify\"><strong>Veschambre, Vincent<\/strong>\u00a0; \u00ab Un nouveau regard sur les grands ensembles ? \u00bb, <em>Urbanisme<\/em>, n\u00b0 388, dossier \u00ab Que faire des ann\u00e9es 1970 ? \u00bb, p. 31-33, 2013<\/p>\n","protected":false},"excerpt":{"rendered":"<p>ACL : Articles dans des revues internationales ou nationales avec comit\u00e9 de lecture, et r\u00e9pertori\u00e9es Couturier, Bastien\u00a0; \u00ab\u00a0Synth\u00e8se des radiations de protections \u2013 Analyse des crit\u00e8res propres \u00e0 construire la valeur patrimoniale par l\u2019\u00e9tude des actes de radiation de protections\u00a0\u00bb, dans Juristourisme n\u00b0154, Loi 1913 : un monument juridique, juin 2013, p. 23-24, 50 p., &hellip; <a href=\"https:\/\/www.laure.archi.fr\/?page_id=307\" class=\"more-link\">Continuer la lecture de <span class=\"screen-reader-text\">1. Articles<\/span> <span class=\"meta-nav\">&rarr;<\/span><\/a><\/p>\n","protected":false},"author":2,"featured_media":0,"parent":0,"menu_order":0,"comment_status":"closed","ping_status":"closed","template":"","meta":[],"_links":{"self":[{"href":"https:\/\/www.laure.archi.fr\/index.php?rest_route=\/wp\/v2\/pages\/307"}],"collection":[{"href":"https:\/\/www.laure.archi.fr\/index.php?rest_route=\/wp\/v2\/pages"}],"about":[{"href":"https:\/\/www.laure.archi.fr\/index.php?rest_route=\/wp\/v2\/types\/page"}],"author":[{"embeddable":true,"href":"https:\/\/www.laure.archi.fr\/index.php?rest_route=\/wp\/v2\/users\/2"}],"replies":[{"embeddable":true,"href":"https:\/\/www.laure.archi.fr\/index.php?rest_route=%2Fwp%2Fv2%2Fcomments&post=307"}],"version-history":[{"count":0,"href":"https:\/\/www.laure.archi.fr\/index.php?rest_route=\/wp\/v2\/pages\/307\/revisions"}],"wp:attachment":[{"href":"https:\/\/www.laure.archi.fr\/index.php?rest_route=%2Fwp%2Fv2%2Fmedia&parent=307"}],"curies":[{"name":"wp","href":"https:\/\/api.w.org\/{rel}","templated":true}]}}