{"id":278,"date":"2016-05-30T13:14:15","date_gmt":"2016-05-30T11:14:15","guid":{"rendered":"http:\/\/laureensal.hypotheses.org\/?page_id=278"},"modified":"2019-09-04T11:15:28","modified_gmt":"2019-09-04T09:15:28","slug":"julie-cattant","status":"publish","type":"page","link":"https:\/\/www.laure.archi.fr\/?page_id=278","title":{"rendered":"Julie Cattant"},"content":{"rendered":"<p><a href=\"mailto:julie.cattant@lyon.archi.fr\">julie.cattant@lyon.archi.fr<\/a><\/p>\n<p>Architecte DPLG, docteure, Ma\u00eetre de conf\u00e9rence, champ Ville et Territoire (VT), ENSA Lyon \/ Chercheure au: GERPHAU (EA 7486), chercheure associ\u00e9e au LAURe (ENSAL)<\/p>\n<h3>sp\u00e9cialit\u00e9s<\/h3>\n<p>Mes recherches portent sur les relations entre l\u2019architecture, l\u2019urbain et l\u2019horizon et engagent des questionnements sur le paysage et l\u2019habiter. Elles interrogent les modes de lecture, de repr\u00e9sentation et d\u2019expression des architectes, ainsi que les exp\u00e9riences in situ de l\u2019architecture. Mes enseignements s\u2019inscrivent \u00e0 la fois dans le champ du projet architectural et de ses th\u00e9ories et dans celui du projet urbain et du territoire. Mes pratiques p\u00e9dagogiques encouragent les croisements entre la recherche et le projet.<\/p>\n<p><em>Mots-cl\u00e9s : Architecture ; Projet urbain ; Paysage ; Horizon ; Habiter ; Philosophie ; Recherche par le projet\u00a0<\/em><\/p>\n<h3>exp\u00e9riences professionnelles en bref<\/h3>\n<p>Depuis sept. 2019\u00a0: Ma\u00eetre de Conf\u00e9rences VT \u00e0 l\u2019ENSA Lyon<br \/>\n2011-2019\u00a0: Enseignante contractuelle puis Ma\u00eetre de Conf\u00e9rences Associ\u00e9 TPCAU \u00e0 l\u2019ENSA Lyon<br \/>\n2006-2009 : Architecte chef de projet au sein de l\u2019agence AFAA (immeuble tertiaire Open 6 de l\u2019APD au DOE, \u00e9cole maternelle, coll\u00e8ge, etc.)<br \/>\n2006, 2005 : Architecte au sein de l\u2019agence Perraudin Architectes (chai de Solan &#8211; PC et DCE -, logements, r\u00e9novation ENSAL \u2026)<\/p>\n<h3>formation, dipl\u00f4mes, qualifications<\/h3>\n<p>2017\u00a0: doctorat en Architecture, Laboratoire GERPHAU [EA 7486], Universit\u00e9 Paris 8, ED31. Direction Chris Youn\u00e8s. soutenu le 17 f\u00e9vrier 2017. Titre de la th\u00e8se \u00ab\u00a0Habiter l&rsquo;horizon, l&rsquo;architecture \u00e0 l\u2019\u00e9preuve.\u00a0\u00bb<br \/>\n2010\u00a0: DPEA Architecture et Philosophie ENSA-Paris-la-Villette (mention tr\u00e8s bien)<br \/>\n2006\u00a0: Architecte DPLG ENSA-Lyon (mention tr\u00e8s bien avec les f\u00e9licitations du jury)<\/p>\n<h3>responsabilit\u00e9s p\u00e9dagogiques<\/h3>\n<p>Depuis 2016\u00a0: co-responsable du domaine d\u2019\u00e9tude de master Architectures, M\u00e9tropoles et Territoires Habit\u00e9s (AMTH), ENSA, dont : S\u00e9minaire M1 et M2 ; Atelier de projet urbain Horizons urbains S7 ; Cycle de Cours Th\u00e9oriques Enjeux urbains et enjeux humains. (R\u00e9)habiter le monde ; direction de Projets de Fin d\u2019\u00c9tude (7\/ an,) de m\u00e9moires master (8\/an) et Mentions Recherche (1 \u00e0 2\/an)<br \/>\n2017\/2018\u00a0: Universit\u00e9 d\u2019\u00e9t\u00e9 de master Flying classroom, ENSAL, avec l\u2019HTWG de Konstanz et l\u2019Escola da Cidade de Sao Paulo, niveau master 1.<\/p>\n<h3>responsabilit\u00e9s en lien avec la recherche<\/h3>\n<p>Depuis 2017 : membre \u00e9lue au Conseil d\u2019Administration de l\u2019ENSA Lyon et membre \u00e9lue au bureau du LAURe<br \/>\n2016-2018 : membre \u00e9lue \u00e0 la Commission de la Recherche de l\u2019ENSA Lyon<br \/>\nMembre fondateur des Presses Architecturales de Lyon (assoc. Loi 1901 cr\u00e9\u00e9e en 2017 par des enseignants-chercheurs de l\u2019ENSAL), conseil \u00e9ditorial interne<\/p>\n<h3>Programmes et r\u00e9seaux de recherche<\/h3>\n<p>Fran\u00e7ois Nowakowski resp. (ENSAL), Julie Cattant (ENSAL) et Luna d\u2019Emilio (ENSAL), \u00ab Observer les formes territoriales de la m\u00e9tropolisation : le cas de N\u00e9ris-les-Bains\u00a0\u00bb, consultation de recherche-action POPSU Territoires. Projet d\u00e9pos\u00e9 par la commune de N\u00e9ris-les-Bains, le CAUE de l\u2019Allier (sept. 2019).<\/p>\n<h3>PRODUCTION SCIENTIFIQUE (au titre de l\u2019\u00e9quipe Laure)<\/h3>\n<p>CATTANT Julie, \u00ab Le littoral en projet \u00bb. Communication lors des 20 \u00e8mes rencontres internationales en urbanisme (APERAU) \u00ab\u00a0Que reste-t-il du projet ? approches, m\u00e9thodes et enjeux communs\u00a0\u00bb, Lille : Universit\u00e9 de Lille, 21 juin 2018.<br \/>\nCATTANT Julie, BRUN Alexandre, PESCADOR Flora, HAYET William, MIRALLAVE Vicente et CASANELLES Joan (en pr\u00e9paration), \u00ab Le littoral en projet \u00bb, in DUMONT Marc (coord.), GROUX Annette (coord.) et PARIS Didier (coord.), Enseigner le projet ou par projet. Berne\u00a0: Peter Lang, \u00e0 para\u00eetre (article en cours d\u2019expertise)<\/p>\n","protected":false},"excerpt":{"rendered":"<p>julie.cattant@lyon.archi.fr Architecte DPLG, docteure, Ma\u00eetre de conf\u00e9rence, champ Ville et Territoire (VT), ENSA Lyon \/ Chercheure au: GERPHAU (EA 7486), chercheure associ\u00e9e au LAURe (ENSAL) sp\u00e9cialit\u00e9s Mes recherches portent sur les relations entre l\u2019architecture, l\u2019urbain et l\u2019horizon et engagent des questionnements sur le paysage et l\u2019habiter. Elles interrogent les modes de lecture, de repr\u00e9sentation et &hellip; <a href=\"https:\/\/www.laure.archi.fr\/?page_id=278\" class=\"more-link\">Continuer la lecture de <span class=\"screen-reader-text\">Julie Cattant<\/span> <span class=\"meta-nav\">&rarr;<\/span><\/a><\/p>\n","protected":false},"author":2,"featured_media":0,"parent":19,"menu_order":0,"comment_status":"closed","ping_status":"closed","template":"","meta":[],"_links":{"self":[{"href":"https:\/\/www.laure.archi.fr\/index.php?rest_route=\/wp\/v2\/pages\/278"}],"collection":[{"href":"https:\/\/www.laure.archi.fr\/index.php?rest_route=\/wp\/v2\/pages"}],"about":[{"href":"https:\/\/www.laure.archi.fr\/index.php?rest_route=\/wp\/v2\/types\/page"}],"author":[{"embeddable":true,"href":"https:\/\/www.laure.archi.fr\/index.php?rest_route=\/wp\/v2\/users\/2"}],"replies":[{"embeddable":true,"href":"https:\/\/www.laure.archi.fr\/index.php?rest_route=%2Fwp%2Fv2%2Fcomments&post=278"}],"version-history":[{"count":4,"href":"https:\/\/www.laure.archi.fr\/index.php?rest_route=\/wp\/v2\/pages\/278\/revisions"}],"predecessor-version":[{"id":1161,"href":"https:\/\/www.laure.archi.fr\/index.php?rest_route=\/wp\/v2\/pages\/278\/revisions\/1161"}],"up":[{"embeddable":true,"href":"https:\/\/www.laure.archi.fr\/index.php?rest_route=\/wp\/v2\/pages\/19"}],"wp:attachment":[{"href":"https:\/\/www.laure.archi.fr\/index.php?rest_route=%2Fwp%2Fv2%2Fmedia&parent=278"}],"curies":[{"name":"wp","href":"https:\/\/api.w.org\/{rel}","templated":true}]}}