{"id":19,"date":"2016-02-12T17:16:02","date_gmt":"2016-02-12T16:16:02","guid":{"rendered":"http:\/\/laureensal.hypotheses.org\/?page_id=19"},"modified":"2019-07-15T14:49:04","modified_gmt":"2019-07-15T12:49:04","slug":"membres","status":"publish","type":"page","link":"https:\/\/www.laure.archi.fr\/?page_id=19","title":{"rendered":"Membres"},"content":{"rendered":"\n<p><strong>Responsable<\/strong><br><span style=\"color: #999999;\"><a style=\"color: #999999;\" href=\"https:\/\/www.laure.archi.fr\/?page_id=225\">Sandra Fiori<\/a><\/span><\/p>\n\n\n\n<p><strong>Chercheurs et enseignants-chercheurs<\/strong><br><span style=\"color: #999999;\"><a style=\"color: #999999;\" href=\"https:\/\/www.laure.archi.fr\/?page_id=358\">Claire Brossaud<\/a><\/span><br><span style=\"color: #999999;\"><a style=\"color: #999999;\" href=\"https:\/\/www.laure.archi.fr\/?page_id=372\">Joan Casanelles<\/a><\/span><br><span style=\"color: #999999;\"><a style=\"color: #999999;\" href=\"https:\/\/www.laure.archi.fr\/?page_id=165\">Jean-Loup Castaigne<\/a><\/span><br><span style=\"color: #999999;\"><a style=\"color: #999999;\" href=\"https:\/\/www.laure.archi.fr\/?page_id=278\">Julie Cattant<\/a><\/span><br><span style=\"color: #999999;\"><a style=\"color: #999999;\" href=\"https:\/\/www.laure.archi.fr\/?page_id=131\">Lamia Chakroun<\/a><\/span><br><span style=\"color: #999999;\"><a style=\"color: #999999;\" href=\"https:\/\/www.laure.archi.fr\/?page_id=360\">Benjamin Chavard\u00e8s<\/a><\/span><br><span style=\"color: #999999;\"><a style=\"color: #999999;\" href=\"https:\/\/www.laure.archi.fr\/?page_id=135\">Nune Chilingaryan<\/a><\/span><br><span style=\"color: #999999;\"><a style=\"color: #999999;\" href=\"https:\/\/www.laure.archi.fr\/?page_id=158\">Bastien Couturier<\/a><br><span style=\"color: #999999;\"><a style=\"color: #999999;\" href=\"https:\/\/www.laure.archi.fr\/?page_id=200\">Estelle Demilly<\/a><\/span><br><span style=\"color: #999999;\"><a style=\"color: #999999;\" href=\"https:\/\/www.laure.archi.fr\/?page_id=125\">Gilles Des\u00e8vedavy<\/a><\/span><br><span style=\"color: #999999;\"><a style=\"color: #999999;\" href=\"https:\/\/www.laure.archi.fr\/?page_id=205\">Philippe Dufieux<\/a><\/span><\/span><br><span style=\"color: #999999;\">Luna d&rsquo;Emilio<br><span style=\"color: #999999;\"><a style=\"color: #999999;\" href=\"https:\/\/www.laure.archi.fr\/?page_id=334\">Fran\u00e7ois Fleury<\/a><\/span><\/span><br><span style=\"color: #999999;\">Ludovic Ghirardi<br><span style=\"color: #999999;\"><a style=\"color: #999999;\" href=\"https:\/\/www.laure.archi.fr\/?page_id=344\">Pierre Gras<\/a><\/span><br><span style=\"color: #999999;\"><a style=\"color: #999999;\" href=\"https:\/\/www.laure.archi.fr\/?page_id=179\">Nadine Halitim-Dubois<\/a><\/span><br><span style=\"color: #999999;\"><a style=\"color: #999999;\" href=\"https:\/\/www.laure.archi.fr\/?page_id=212\">William Hayet<\/a><\/span><br><span style=\"color: #999999;\"><a style=\"color: #999999;\" href=\"https:\/\/www.laure.archi.fr\/?page_id=366\">\u00d6zlem Lamontre-Berk<\/a><\/span><br><span style=\"color: #999999;\"><a style=\"color: #999999;\" href=\"https:\/\/www.laure.archi.fr\/?page_id=189\">Christian Marcot<\/a><\/span><\/span><br><a href=\"https:\/\/www.laure.archi.fr\/?page_id=117\">M\u00e9lanie Meynier-Philip<\/a> <br><a href=\"https:\/\/www.laure.archi.fr\/?page_id=362\">Pascale Mira<\/a><br><a href=\"https:\/\/www.laure.archi.fr\/?page_id=368\">Suzanne Monnot<\/a><br><a href=\"https:\/\/www.laure.archi.fr\/?page_id=342\">Serge Monnot<\/a><br><a href=\"https:\/\/www.laure.archi.fr\/?page_id=374\">Fran\u00e7ois Nowakowski<\/a><br><a href=\"https:\/\/www.laure.archi.fr\/?page_id=175\">C\u00e9cile Regnault<\/a><br>Jana Revedin<br>Nadine Ribet<br>Denyse Rodriguez-Tom\u00e9<br>Lisa Rolland<br><a href=\"https:\/\/www.laure.archi.fr\/?page_id=364\">Nadine Roudil<\/a><br><a href=\"https:\/\/www.laure.archi.fr\/?page_id=376\">Boris Roueff<\/a><br><a href=\"https:\/\/www.laure.archi.fr\/?page_id=378\">Brigitte Sagnier-Minguet<\/a><br><a href=\"https:\/\/www.laure.archi.fr\/?page_id=380\">Fran\u00e7ois Tran<\/a><br><a href=\"https:\/\/www.laure.archi.fr\/?page_id=169\">Corine Vedrine<\/a><br><a href=\"https:\/\/www.laure.archi.fr\/?page_id=356\">Vincent Veschambre<\/a><br><a href=\"https:\/\/www.laure.archi.fr\/?page_id=510\">Paul Vincent<\/a> <br><\/p>\n\n\n\n<p><strong>Doctorants<\/strong><br><span style=\"color: #999999;\"><a style=\"color: #999999;\" href=\"https:\/\/www.laure.archi.fr\/?page_id=382\">Noura Arab <\/a><\/span><br><a href=\"https:\/\/www.laure.archi.fr\/?page_id=1131\">Thomas Gluckin<\/a><br><span style=\"color: #999999;\"><a style=\"color: #999999;\" href=\"https:\/\/www.laure.archi.fr\/?page_id=864\">Nolwenn Le Goff<\/a><\/span><br>Tara Hill<br>R\u00e9mi Junquera<br><span style=\"color: #999999;\"><a style=\"color: #999999;\" href=\"https:\/\/www.laure.archi.fr\/?page_id=150\">Estelle Morl\u00e9<\/a><\/span><br>Mathilde Padilla<br><span style=\"color: #999999;\"><a style=\"color: #999999;\" href=\"https:\/\/www.laure.archi.fr\/?page_id=389\">Olivier Perrier<\/a><\/span><br><span style=\"color: #999999;\"><a style=\"color: #999999;\" href=\"https:\/\/www.laure.archi.fr\/?page_id=384\">Rovy Pessoa Ferreira<\/a><\/span><br><span style=\"color: #999999;\"><a style=\"color: #999999;\" href=\"https:\/\/www.laure.archi.fr\/?page_id=864\">Nolwenn Le Goff<\/a><\/span><br>Tara Hill<br><span style=\"color: #999999;\"><a style=\"color: #999999;\" href=\"https:\/\/www.laure.archi.fr\/?page_id=150\">Estelle Morl\u00e9<\/a><\/span><br><span style=\"color: #999999;\"><a style=\"color: #999999;\" href=\"https:\/\/www.laure.archi.fr\/?page_id=389\">Olivier Perrier<\/a><\/span><br><span style=\"color: #999999;\"><a style=\"color: #999999;\" href=\"https:\/\/www.laure.archi.fr\/?page_id=384\">Rovy Pessoa Ferreira <\/a><\/span><\/p>\n","protected":false},"excerpt":{"rendered":"<p>ResponsableSandra Fiori Chercheurs et enseignants-chercheursClaire BrossaudJoan CasanellesJean-Loup CastaigneJulie CattantLamia ChakrounBenjamin Chavard\u00e8sNune ChilingaryanBastien CouturierEstelle DemillyGilles Des\u00e8vedavyPhilippe DufieuxLuna d&rsquo;EmilioFran\u00e7ois FleuryLudovic GhirardiPierre GrasNadine Halitim-DuboisWilliam Hayet\u00d6zlem Lamontre-BerkChristian MarcotM\u00e9lanie Meynier-Philip Pascale MiraSuzanne MonnotSerge MonnotFran\u00e7ois NowakowskiC\u00e9cile RegnaultJana RevedinNadine RibetDenyse Rodriguez-Tom\u00e9Lisa RollandNadine RoudilBoris RoueffBrigitte Sagnier-MinguetFran\u00e7ois TranCorine VedrineVincent VeschambrePaul Vincent DoctorantsNoura Arab Thomas GluckinNolwenn Le GoffTara HillR\u00e9mi JunqueraEstelle Morl\u00e9Mathilde PadillaOlivier PerrierRovy Pessoa FerreiraNolwenn &hellip; <a href=\"https:\/\/www.laure.archi.fr\/?page_id=19\" class=\"more-link\">Continuer la lecture de <span class=\"screen-reader-text\">Membres<\/span> <span class=\"meta-nav\">&rarr;<\/span><\/a><\/p>\n","protected":false},"author":2,"featured_media":0,"parent":0,"menu_order":0,"comment_status":"closed","ping_status":"closed","template":"","meta":[],"_links":{"self":[{"href":"https:\/\/www.laure.archi.fr\/index.php?rest_route=\/wp\/v2\/pages\/19"}],"collection":[{"href":"https:\/\/www.laure.archi.fr\/index.php?rest_route=\/wp\/v2\/pages"}],"about":[{"href":"https:\/\/www.laure.archi.fr\/index.php?rest_route=\/wp\/v2\/types\/page"}],"author":[{"embeddable":true,"href":"https:\/\/www.laure.archi.fr\/index.php?rest_route=\/wp\/v2\/users\/2"}],"replies":[{"embeddable":true,"href":"https:\/\/www.laure.archi.fr\/index.php?rest_route=%2Fwp%2Fv2%2Fcomments&post=19"}],"version-history":[{"count":12,"href":"https:\/\/www.laure.archi.fr\/index.php?rest_route=\/wp\/v2\/pages\/19\/revisions"}],"predecessor-version":[{"id":1143,"href":"https:\/\/www.laure.archi.fr\/index.php?rest_route=\/wp\/v2\/pages\/19\/revisions\/1143"}],"wp:attachment":[{"href":"https:\/\/www.laure.archi.fr\/index.php?rest_route=%2Fwp%2Fv2%2Fmedia&parent=19"}],"curies":[{"name":"wp","href":"https:\/\/api.w.org\/{rel}","templated":true}]}}