{"id":189,"date":"2016-04-07T08:59:15","date_gmt":"2016-04-07T06:59:15","guid":{"rendered":"http:\/\/laureensal.hypotheses.org\/?page_id=189"},"modified":"2019-09-04T11:01:29","modified_gmt":"2019-09-04T09:01:29","slug":"christian-marcot","status":"publish","type":"page","link":"https:\/\/www.laure.archi.fr\/?page_id=189","title":{"rendered":"Christian Marcot"},"content":{"rendered":"<p><img loading=\"lazy\" class=\"alignnone wp-image-449 size-medium\" src=\"http:\/\/labo-laure.lyon.archi.fr\/wp-content\/uploads\/2016\/06\/MARCOT-Christian-235x300.jpg\" width=\"235\" height=\"300\" srcset=\"https:\/\/www.laure.archi.fr\/wp-content\/uploads\/2016\/06\/MARCOT-Christian-235x300.jpg 235w, https:\/\/www.laure.archi.fr\/wp-content\/uploads\/2016\/06\/MARCOT-Christian.jpg 391w\" sizes=\"(max-width: 235px) 100vw, 235px\" \/><\/p>\n<p>christian.marcot@lyon.archi.fr &#8211; T\u00e9l\u00a0: 06 89 44 18 59<\/p>\n<p>Architecte \/ Urbaniste \/ Ma\u00eetre assistant titulaire ENSAL \/ Doctorant en architecture\u00a0\/ Membre EVS-LAURE<\/p>\n<p>Certificat d\u2019\u00c9tudes Approfondies en Architecture \/ D.E.A de Philosophie \/ D.U. de troisi\u00e8me cycle en urbanisme<\/p>\n<p><strong>Axes de recherche<\/strong><\/p>\n<p><i>&#8211; Le patrimoine architectural et urbain et ses transformations<\/i><\/p>\n<p><em>Mots clefs\u00a0: architecture, ville, patrimoine, h\u00e9ritage, espace, temps, transformation, durabilit\u00e9, recyclage, m\u00e9moires, imaginaires.<\/em><\/p>\n<p style=\"text-align: justify\">&#8211; L\u2019\u0153uvre de Tony Garnier<\/p>\n<p style=\"text-align: justify\"><em>Mots clefs\u00a0: biographie, architecte, \u00e9clectisme et architecture moderne, cit\u00e9 industrielle, grands travaux de la ville de Lyon, \u0153uvre, b\u00e9ton, architecture vernaculaire, inspirations.<\/em><\/p>\n<p style=\"text-align: justify\">&#8211; L\u2019enseignement de l\u2019architecture \u00e0 Lyon<\/p>\n<p style=\"text-align: justify\"><em>Mots clefs\u00a0: apprentissage, \u00e9cole des beaux-arts, \u00e9cole r\u00e9gionale d\u2019architecture de Lyon, unit\u00e9 p\u00e9dagogique d\u2019architecture de Lyon, \u00e9cole d\u2019architecture de Lyon, transmission, p\u00e9dagogie, discipline, pluridisciplinarit\u00e9, interdisciplinarit\u00e9, formation, enseignements, th\u00e9orie et pratique, cours et ateliers, professions et m\u00e9tiers.<\/em><\/p>\n<p><strong>Responsabilit\u00e9s collectives<\/strong><\/p>\n<p>Membre de la Commission de la P\u00e9dagogie et de la Recherche de l\u2019ENSAL<\/p>\n<p><strong>Communications\/Publications\u00a0(les 5 plus significatives)<\/strong><\/p>\n<p>ACTN<\/p>\n<p>&#8211; Marcot C., <em>\u00ab\u00a0le b\u00e9ton de Tony Garnier\u00a0\u00bb<\/em>, actes du colloque architecture et philosophie\u00a0: l\u2019esprit des mat\u00e9riaux, 24 mars 2006, publication sous la direction de l\u2019\u00c9cole Nationale Sup\u00e9rieure d\u2019Architecture de Grenoble, \u00c9ditions de la Villette, 2008.<\/p>\n<p>ACTI<\/p>\n<p>&#8211; Marcot C., <em>\u00ab\u00a0la Cit\u00e9 industrielle et le b\u00e9ton de Tony Garnier\u00a0\u00bb<\/em>, actes du colloque international\u00a0: Tony Garnier, la Cit\u00e9 industrielle et l\u2019Europe, 28 et 29 novembre 2008, publication sous la direction du Conseil d\u2019architecture, d\u2019urbanisme et de l\u2019environnement du Rh\u00f4ne, \u00c9ditions du CAUE du Rh\u00f4ne, 2009.<\/p>\n<p>0V<\/p>\n<p style=\"text-align: justify\">&#8211; Marcot C., <em>\u00ab\u00a0projeter l\u2019ancien\u00a0: approches p\u00e9dagogiques\u00a0\u00bb<\/em> contribution au collectif \u00ab\u00a0projeter l\u2019ancien\u00a0\u00bb sous la responsabilit\u00e9 d\u2019Antonio Viola et Myra Prince, actes des cinq s\u00e9minaires sur la r\u00e9habilitation qui se sont tenus \u00e0 Toulouse, Lyon, Lille, Marseille et Paris en 2002, \u00c9ditions de l\u2019Esp\u00e9rou, Montpellier, 2004.<\/p>\n<p style=\"text-align: justify\">&#8211; Marcot C., <em>\u00ab\u00a0architecture contemporaine en site historique, six sites lyonnais en d\u00e9bat\u00a0\u00bb<\/em>, Conseil d\u2019architecture, d\u2019urbanisme et de l\u2019environnement du Rh\u00f4ne, \u00c9cole Nationale Sup\u00e9rieure d\u2019Architecture de Lyon, Minist\u00e8re de la Culture et de la Communication, \u00c9ditions du CERTU, Lyon, 2009.<\/p>\n<p style=\"text-align: justify\">&#8211; Marcot C., <em>\u00ab\u00a0Tony Garnier, la passion du b\u00e9ton\u00a0\u00bb et \u00ab\u00a0Le b\u00e9ton entre \u00e9thique et esth\u00e9tique\u00a0\u00bb in \u00ab\u00a0Sacr\u00e9 b\u00e9ton\u00a0\u00bb, <\/em>sous la direction de Philippe Genestier et Pierre Gras, \u00c9ditions Liebel, 2015.<\/p>\n<p style=\"text-align: justify\">\n","protected":false},"excerpt":{"rendered":"<p>christian.marcot@lyon.archi.fr &#8211; T\u00e9l\u00a0: 06 89 44 18 59 Architecte \/ Urbaniste \/ Ma\u00eetre assistant titulaire ENSAL \/ Doctorant en architecture\u00a0\/ Membre EVS-LAURE Certificat d\u2019\u00c9tudes Approfondies en Architecture \/ D.E.A de Philosophie \/ D.U. de troisi\u00e8me cycle en urbanisme Axes de recherche &#8211; Le patrimoine architectural et urbain et ses transformations Mots clefs\u00a0: architecture, ville, patrimoine, &hellip; <a href=\"https:\/\/www.laure.archi.fr\/?page_id=189\" class=\"more-link\">Continuer la lecture de <span class=\"screen-reader-text\">Christian Marcot<\/span> <span class=\"meta-nav\">&rarr;<\/span><\/a><\/p>\n","protected":false},"author":2,"featured_media":0,"parent":19,"menu_order":0,"comment_status":"closed","ping_status":"closed","template":"","meta":[],"_links":{"self":[{"href":"https:\/\/www.laure.archi.fr\/index.php?rest_route=\/wp\/v2\/pages\/189"}],"collection":[{"href":"https:\/\/www.laure.archi.fr\/index.php?rest_route=\/wp\/v2\/pages"}],"about":[{"href":"https:\/\/www.laure.archi.fr\/index.php?rest_route=\/wp\/v2\/types\/page"}],"author":[{"embeddable":true,"href":"https:\/\/www.laure.archi.fr\/index.php?rest_route=\/wp\/v2\/users\/2"}],"replies":[{"embeddable":true,"href":"https:\/\/www.laure.archi.fr\/index.php?rest_route=%2Fwp%2Fv2%2Fcomments&post=189"}],"version-history":[{"count":1,"href":"https:\/\/www.laure.archi.fr\/index.php?rest_route=\/wp\/v2\/pages\/189\/revisions"}],"predecessor-version":[{"id":1147,"href":"https:\/\/www.laure.archi.fr\/index.php?rest_route=\/wp\/v2\/pages\/189\/revisions\/1147"}],"up":[{"embeddable":true,"href":"https:\/\/www.laure.archi.fr\/index.php?rest_route=\/wp\/v2\/pages\/19"}],"wp:attachment":[{"href":"https:\/\/www.laure.archi.fr\/index.php?rest_route=%2Fwp%2Fv2%2Fmedia&parent=189"}],"curies":[{"name":"wp","href":"https:\/\/api.w.org\/{rel}","templated":true}]}}