{"id":150,"date":"2016-04-01T14:48:22","date_gmt":"2016-04-01T12:48:22","guid":{"rendered":"http:\/\/laureensal.hypotheses.org\/?page_id=150"},"modified":"2018-02-13T09:04:11","modified_gmt":"2018-02-13T08:04:11","slug":"estelle-morle","status":"publish","type":"page","link":"https:\/\/www.laure.archi.fr\/?page_id=150","title":{"rendered":"Estelle Morl\u00e9"},"content":{"rendered":"<p><img loading=\"lazy\" class=\"alignnone wp-image-453 size-medium\" src=\"http:\/\/labo-laure.lyon.archi.fr\/wp-content\/uploads\/2016\/06\/MORLE-estelle-271x300.jpg\" width=\"271\" height=\"300\" srcset=\"https:\/\/www.laure.archi.fr\/wp-content\/uploads\/2016\/06\/MORLE-estelle-271x300.jpg 271w, https:\/\/www.laure.archi.fr\/wp-content\/uploads\/2016\/06\/MORLE-estelle.jpg 451w\" sizes=\"(max-width: 271px) 100vw, 271px\" \/><\/p>\n<p>estelle.morle@lyon.archi.fr &#8211; T\u00e9l\u00a0: 06 25 23 40 95<\/p>\n<p>Architecte Ing\u00e9nieur \/ Ma\u00eetre-assistante de l\u2019ENSAL \/ Doctorante en architecture\u00a0\/ Membre EVS-LAURE<\/p>\n<p><strong>Axes de recherche<\/strong><\/p>\n<p style=\"text-align: justify\">Projet de th\u00e8se en architecture co-encadr\u00e9 par F. Fleury et S. Maximillien (laboratoire MATEIS, INSA de Lyon) d\u00e9pos\u00e9 en septembre 2015.<\/p>\n<p style=\"text-align: justify\">Ce doctorat d\u2019architecture propose d\u2019\u00e9tudier le d\u00e9veloppement de la construction b\u00e9ton et b\u00e9ton arm\u00e9 au Vietnam en questionnant les liens entre les pratiques actuelles et historiques sous l\u2019Indochine Fran\u00e7aise.<\/p>\n<p style=\"text-align: justify\">Le c\u0153ur du sujet est la question des \u00ab\u00a0transferts\u00a0\u00bb technologiques interculturels au service de l\u2019architecture que nous qualifierons plus favorablement \u00ab\u00a0d\u2019\u00e9changes\u00a0\u00bb en prenant pour hypoth\u00e8se la posture active et positive du peuple Vietnamien \u00e0 l\u2019\u00e9gard de l\u2019int\u00e9gration de cette nouvelle technologie<\/p>\n<p style=\"text-align: justify\">Du point de vue m\u00e9thodologique, le premier volet historique consiste \u00e0 caract\u00e9riser les \u00e9changes techniques entre colons et indig\u00e8nes en interrogeant le r\u00f4le des grandes entreprises Fran\u00e7aises pionni\u00e8res dans la construction b\u00e9ton arm\u00e9 sur la base des documents d\u2019archives<\/p>\n<p style=\"text-align: justify\">Le deuxi\u00e8me volet de l\u2019\u00e9tude a pour objet la mise en perspective des connaissances historiques dans une dimension prospective pour l\u2019architecture Vietnamienne de demain.<\/p>\n<p style=\"text-align: justify\">Deux directions diff\u00e9rentes sont envisag\u00e9es pour la suite.<\/p>\n<p style=\"text-align: justify\">Une premi\u00e8re consiste \u00e0 mener une r\u00e9flexion prospective sur l\u2019\u00e9volution des constructions courantes en b\u00e9ton vers une am\u00e9lioration des qualit\u00e9s \u00e9cologiques en abordant les crit\u00e8res environnementaux mais aussi culturels et sociaux-\u00e9conomiques.<\/p>\n<p style=\"text-align: justify\">Une deuxi\u00e8me la capitalisation de connaissances techniques anciennes de construction en b\u00e9ton, comme le ciment moul\u00e9, pour la mise au point de techniques de restauration indispensables \u00e0 la valorisation durable du patrimoine Fran\u00e7ais.<\/p>\n<p><strong>Communications\/Publications (les 5 plus significatives)<\/strong><\/p>\n<p style=\"text-align: justify\">&#8211; Conf\u00e9rence : \u2018Chroniques Vietnamiennes, exp\u00e9riences de projet vus de l\u2019Ouest\u2019 \u00e0 l\u2019ENSAL (2014)<\/p>\n<p style=\"text-align: justify\">La conf\u00e9rence retrace trois ann\u00e9es d\u2019exercice de la conception architecturale et urbaine au Vietnam au sein de l\u2019agence AREP. Le propos d\u00e9veloppe la mani\u00e8re dont les projets constituent un terrain privil\u00e9gi\u00e9 de rencontres et de confrontations culturelles \u00e0 plusieurs niveaux.<\/p>\n<p style=\"text-align: justify\">&#8211; Communication s\u00e9minaire \u2018Enseigner les structures\u2019, Grands Ateliers de l\u2019Isle d\u2019Abeau (2013)<\/p>\n<p style=\"text-align: justify\">Contribution aux actes du s\u00e9minaire : enqu\u00eate aupr\u00e8s des \u00e9tudiants de l\u2019ENSAL et production d\u2019un poster sur les comp\u00e9tences vis\u00e9es par les enseignement des structures \u00e0 l\u2019ENSAL.<\/p>\n<p style=\"text-align: justify\"><a href=\"http:\/\/labo-laure.lyon.archi.fr\/wp-content\/uploads\/2016\/04\/CV_EM.pdf\">CV Estelle Morl\u00e9<\/a><\/p>\n<p>&nbsp;<\/p>\n","protected":false},"excerpt":{"rendered":"<p>estelle.morle@lyon.archi.fr &#8211; T\u00e9l\u00a0: 06 25 23 40 95 Architecte Ing\u00e9nieur \/ Ma\u00eetre-assistante de l\u2019ENSAL \/ Doctorante en architecture\u00a0\/ Membre EVS-LAURE Axes de recherche Projet de th\u00e8se en architecture co-encadr\u00e9 par F. Fleury et S. Maximillien (laboratoire MATEIS, INSA de Lyon) d\u00e9pos\u00e9 en septembre 2015. Ce doctorat d\u2019architecture propose d\u2019\u00e9tudier le d\u00e9veloppement de la construction b\u00e9ton &hellip; <a href=\"https:\/\/www.laure.archi.fr\/?page_id=150\" class=\"more-link\">Continuer la lecture de <span class=\"screen-reader-text\">Estelle Morl\u00e9<\/span> <span class=\"meta-nav\">&rarr;<\/span><\/a><\/p>\n","protected":false},"author":2,"featured_media":0,"parent":19,"menu_order":0,"comment_status":"closed","ping_status":"closed","template":"","meta":[],"_links":{"self":[{"href":"https:\/\/www.laure.archi.fr\/index.php?rest_route=\/wp\/v2\/pages\/150"}],"collection":[{"href":"https:\/\/www.laure.archi.fr\/index.php?rest_route=\/wp\/v2\/pages"}],"about":[{"href":"https:\/\/www.laure.archi.fr\/index.php?rest_route=\/wp\/v2\/types\/page"}],"author":[{"embeddable":true,"href":"https:\/\/www.laure.archi.fr\/index.php?rest_route=\/wp\/v2\/users\/2"}],"replies":[{"embeddable":true,"href":"https:\/\/www.laure.archi.fr\/index.php?rest_route=%2Fwp%2Fv2%2Fcomments&post=150"}],"version-history":[{"count":1,"href":"https:\/\/www.laure.archi.fr\/index.php?rest_route=\/wp\/v2\/pages\/150\/revisions"}],"predecessor-version":[{"id":925,"href":"https:\/\/www.laure.archi.fr\/index.php?rest_route=\/wp\/v2\/pages\/150\/revisions\/925"}],"up":[{"embeddable":true,"href":"https:\/\/www.laure.archi.fr\/index.php?rest_route=\/wp\/v2\/pages\/19"}],"wp:attachment":[{"href":"https:\/\/www.laure.archi.fr\/index.php?rest_route=%2Fwp%2Fv2%2Fmedia&parent=150"}],"curies":[{"name":"wp","href":"https:\/\/api.w.org\/{rel}","templated":true}]}}