{"id":131,"date":"2016-04-01T13:47:15","date_gmt":"2016-04-01T11:47:15","guid":{"rendered":"http:\/\/laureensal.hypotheses.org\/?page_id=131"},"modified":"2019-09-04T11:10:45","modified_gmt":"2019-09-04T09:10:45","slug":"lamia-chakroun","status":"publish","type":"page","link":"https:\/\/www.laure.archi.fr\/?page_id=131","title":{"rendered":"Lamia Chakroun"},"content":{"rendered":"<p><img loading=\"lazy\" class=\"alignnone wp-image-132\" src=\"http:\/\/labo-laure.lyon.archi.fr\/wp-content\/uploads\/2016\/04\/Photo-Lamia-Chakroun.jpg\" alt=\"Photo Lamia Chakroun\" width=\"138\" height=\"209\" \/><\/p>\n<p>lamia.chakroun@lyon.archi.fr &#8211; T\u00e9l\u00a0: 06 99 20 63 45<\/p>\n<p>Architecte \/ Docteure en Sciences de l\u2019Ing\u00e9nierie et de l\u2019Architecture \/ Enseignante de master \u00e0 l\u2019ENSAL \/ Membre associ\u00e9e \u00e0 EVS-LAURE<\/p>\n<p><strong>Axes de recherche<\/strong><\/p>\n<p style=\"text-align: justify\">Travail sur la perception de l\u2019espace et sa relation avec le bien \u00eatre dans une approche po\u00e9tique et multi-sensorielle.<\/p>\n<p style=\"text-align: justify\">Projet articulant un travail pratique (parcours sensoriels dans la ville) effectu\u00e9s avec les habitants dans une d\u00e9marche participative, la recherche et la p\u00e9dagogie (travail sur la limite en tant que g\u00e9n\u00e9ratrice de qualit\u00e9 spatiale).<\/p>\n<p style=\"text-align: justify\">Relation entre exp\u00e9rience spatiale et expression artistique.<\/p>\n<p style=\"text-align: justify\">Il s\u2019agit ici d\u2019une recherche-action d\u2019abord parce qu\u2019elle s\u2019est construite \u00e0 partir d\u2019une action participative d\u2019observation (avec une association), et ensuite parce qu\u2019elle aspire \u00e0 d\u00e9finir des outils et des m\u00e9thodes permettant l\u2019observation du paysage et l\u2019intervention dans la ville (am\u00e9nagements urbains\u2026etc).<\/p>\n<p style=\"text-align: justify\">Les parcours propos\u00e9s se font \u00e0 pieds. La marche permet de prendre le temps de voir et de sentir. Elle procure de l\u2019\u00e9paisseur \u00e0 notre perception. L\u2019\u00e9cho de nos pas est autant d\u2019\u00e9chos de notre entr\u00e9e dans l\u2019aventure du parcours. Elle nous permet d\u2019\u00eatre \u00e0 l\u2019\u00e9coute de nous-m\u00eames et du monde<a href=\"#_ftn1\" name=\"_ftnref1\"><sup><sup><u>[1]<\/u><\/sup><\/sup><\/a>. Ici, la d\u00e9marche d\u2019observation employ\u00e9e d\u00e9passe la mat\u00e9rialit\u00e9 du paysage. Elle prend en compte l\u2019histoire de la personne, mais aussi celle du lieu, la perception et la sensibilit\u00e9 perceptive de chacun. Elle v\u00e9hicule les valeurs de l\u2019observateur, ses envies et ses \u00e9motions<a href=\"#_ftn2\" name=\"_ftnref2\"><sup><sup><u>[2]<\/u><\/sup><\/sup><\/a>.<\/p>\n<p style=\"text-align: justify\"><a href=\"#_ftnref1\" name=\"_ftn1\"><u><span style=\"color: #0066cc\">[1]<\/span><\/u><\/a> <em>\u00ab\u00a0La marche est un mode de connaissance qui rappelle la signification et le prix des choses, un d\u00e9tour fructueux pour retrouver la jouissance des \u00e9v\u00e8nements\u00a0\u00bb<\/em>, Le Breton D., Eloge \u00e0 la marche, M\u00e9taili\u00e9, paris, 2000, 177 p, p.33.<\/p>\n<p style=\"text-align: justify\"><a href=\"#_ftnref2\" name=\"_ftn2\"><u><span style=\"color: #0066cc\">[2]<\/span><\/u><\/a> Voir \u00e0 ce sujet\u00a0: C\u00a0; Grout, <em>L\u2019\u00e9motion du paysage<\/em>, ouverture et d\u00e9vastation, Essais, 2004, 173 p, p.19.<\/p>\n<p><strong>Responsabilit\u00e9s collectives<\/strong><\/p>\n<p>Aucune responsabilit\u00e9 en dehors du cadre p\u00e9dagogique<\/p>\n<p><strong>Communications\/Publications (les 5 plus significatives)<\/strong><\/p>\n<p style=\"text-align: justify\">&#8211; 2015-2016\u00a0: Journ\u00e9e scientifique \u00ab\u00a0Identit\u00e9 architecturale\u00a0\u00bb, Laboratoire VAP, EPAU Alger, communication \u00ab\u00a0L\u2019architecture du minaret, ses sch\u00e8mes et sa dynamique morphologique\u00a0\u00bb<\/p>\n<p style=\"text-align: justify\">&#8211; 2014-2015<em>\u00a0:<\/em> Conf\u00e9rence \u00e0 la BULCO, Dunkerque sur ma th\u00e8se de Doctorat<\/p>\n<p style=\"text-align: justify\">&#8211; 2009-2010\u00a0: Colloque de l\u2019American Institute for Maghreb Studies \u00ab\u00a0Carrefour saharien\u00a0: la vue du nord\u00a0\u00bb, Tanger du 6 au 8 Juin 2009. Communication\u00a0: \u00ab\u00a0Le r\u00e9f\u00e9rentiel chez les musiciens tunisiens dans la repr\u00e9sentation du Sahara, Tunis, les derni\u00e8res d\u00e9cennies\u00a0\u00bb<\/p>\n<p style=\"text-align: justify\">&#8211; 2007-2008\u00a0: 11<sup>\u00e8me<\/sup> colloque de l\u2019ATEP \u00ab\u00a0Pratiques d\u2019art et esth\u00e9tique de l\u2019environnement\u00a0\u00bb, Hammamet, du 16 au 18 Mars 2008. Communication\u00a0: \u00ab\u00a0Esth\u00e9tique (s) du minaret contemporain en projet: entre tradition et modernit\u00e9, cas du concours de la Grande Mosqu\u00e9e de Carthage, Tunis 2000\u00a0\u00bb<\/p>\n<p style=\"text-align: justify\">&#8211; 2004-2005\u00a0: 7<sup>\u00e8me<\/sup> congr\u00e8s sur le Corpus d\u2019Arch\u00e9ologie ottomane dans le Monde, Fondation T\u00e9mimi, Tunis 24, 25 et 26 F\u00e9vrier 2005. Intervention sur \u00ab\u00a0Analyse morphologique de quelques minarets ottomans\u00a0: \u00e0 la recherche d\u2019une identit\u00e9 morphologique \u2018ottomane\u2019\u00a0\u00bb<\/p>\n<p style=\"text-align: justify\"><a href=\"http:\/\/labo-laure.lyon.archi.fr\/wp-content\/uploads\/2016\/04\/CV-d\u00e9taill\u00e9-Lamia-Chakroun-mars-2016.pdf\">CV Lamia Chakroun<\/a><\/p>\n<p>&nbsp;<\/p>\n","protected":false},"excerpt":{"rendered":"<p>lamia.chakroun@lyon.archi.fr &#8211; T\u00e9l\u00a0: 06 99 20 63 45 Architecte \/ Docteure en Sciences de l\u2019Ing\u00e9nierie et de l\u2019Architecture \/ Enseignante de master \u00e0 l\u2019ENSAL \/ Membre associ\u00e9e \u00e0 EVS-LAURE Axes de recherche Travail sur la perception de l\u2019espace et sa relation avec le bien \u00eatre dans une approche po\u00e9tique et multi-sensorielle. Projet articulant un travail &hellip; <a href=\"https:\/\/www.laure.archi.fr\/?page_id=131\" class=\"more-link\">Continuer la lecture de <span class=\"screen-reader-text\">Lamia Chakroun<\/span> <span class=\"meta-nav\">&rarr;<\/span><\/a><\/p>\n","protected":false},"author":2,"featured_media":0,"parent":19,"menu_order":0,"comment_status":"closed","ping_status":"closed","template":"","meta":[],"_links":{"self":[{"href":"https:\/\/www.laure.archi.fr\/index.php?rest_route=\/wp\/v2\/pages\/131"}],"collection":[{"href":"https:\/\/www.laure.archi.fr\/index.php?rest_route=\/wp\/v2\/pages"}],"about":[{"href":"https:\/\/www.laure.archi.fr\/index.php?rest_route=\/wp\/v2\/types\/page"}],"author":[{"embeddable":true,"href":"https:\/\/www.laure.archi.fr\/index.php?rest_route=\/wp\/v2\/users\/2"}],"replies":[{"embeddable":true,"href":"https:\/\/www.laure.archi.fr\/index.php?rest_route=%2Fwp%2Fv2%2Fcomments&post=131"}],"version-history":[{"count":1,"href":"https:\/\/www.laure.archi.fr\/index.php?rest_route=\/wp\/v2\/pages\/131\/revisions"}],"predecessor-version":[{"id":1157,"href":"https:\/\/www.laure.archi.fr\/index.php?rest_route=\/wp\/v2\/pages\/131\/revisions\/1157"}],"up":[{"embeddable":true,"href":"https:\/\/www.laure.archi.fr\/index.php?rest_route=\/wp\/v2\/pages\/19"}],"wp:attachment":[{"href":"https:\/\/www.laure.archi.fr\/index.php?rest_route=%2Fwp%2Fv2%2Fmedia&parent=131"}],"curies":[{"name":"wp","href":"https:\/\/api.w.org\/{rel}","templated":true}]}}